{"id":532,"date":"2026-04-02T20:40:02","date_gmt":"2026-04-02T20:40:02","guid":{"rendered":"https:\/\/www.13icg-montreal.org\/?page_id=532"},"modified":"2026-04-03T20:17:53","modified_gmt":"2026-04-03T20:17:53","slug":"faq","status":"publish","type":"page","link":"https:\/\/www.13icg-montreal.org\/fr\/faq\/","title":{"rendered":"Promouvoir votre pr\u00e9sence"},"content":{"rendered":"\t\t<div data-elementor-type=\"wp-page\" data-elementor-id=\"532\" class=\"elementor elementor-532 elementor-531\" data-elementor-post-type=\"page\">\n\t\t\t\t\t\t<section class=\"elementor-section elementor-top-section elementor-element elementor-element-7a1c0ca elementor-section-height-min-height elementor-section-items-bottom elementor-section-boxed elementor-section-height-default\" data-id=\"7a1c0ca\" data-element_type=\"section\" data-e-type=\"section\" data-settings=\"{&quot;background_background&quot;:&quot;classic&quot;}\">\n\t\t\t\t\t\t<div class=\"elementor-container elementor-column-gap-default\">\n\t\t\t\t\t<div class=\"elementor-column elementor-col-100 elementor-top-column elementor-element elementor-element-512601c\" data-id=\"512601c\" data-element_type=\"column\" data-e-type=\"column\">\n\t\t\t<div class=\"elementor-widget-wrap elementor-element-populated\">\n\t\t\t\t\t\t\t<\/div>\n\t\t<\/div>\n\t\t\t\t\t<\/div>\n\t\t<\/section>\n\t\t\t\t<section class=\"elementor-section elementor-top-section elementor-element elementor-element-3a11d02 elementor-section-boxed elementor-section-height-default elementor-section-height-default\" data-id=\"3a11d02\" data-element_type=\"section\" data-e-type=\"section\">\n\t\t\t\t\t\t<div class=\"elementor-container elementor-column-gap-default\">\n\t\t\t\t\t<div class=\"elementor-column elementor-col-66 elementor-top-column elementor-element elementor-element-5d32555\" data-id=\"5d32555\" data-element_type=\"column\" data-e-type=\"column\">\n\t\t\t<div class=\"elementor-widget-wrap elementor-element-populated\">\n\t\t\t\t\t\t<div class=\"elementor-element elementor-element-d4de0fc elementor-widget elementor-widget-heading\" data-id=\"d4de0fc\" data-element_type=\"widget\" data-e-type=\"widget\" data-widget_type=\"heading.default\">\n\t\t\t\t<div class=\"elementor-widget-container\">\n\t\t\t\t\t<h2 class=\"elementor-heading-title elementor-size-default\">Faites savoir que vous serez \u00e0 Montr\u00e9al !<\/h2>\t\t\t\t<\/div>\n\t\t\t\t<\/div>\n\t\t\t\t<div class=\"elementor-element elementor-element-a2f714e elementor-widget elementor-widget-text-editor\" data-id=\"a2f714e\" data-element_type=\"widget\" data-e-type=\"widget\" data-widget_type=\"text-editor.default\">\n\t\t\t\t<div class=\"elementor-widget-container\">\n\t\t\t\t\t\t\t\t\t<p><em><b>Votre participation \u00e0 la 13e Conf\u00e9rence internationale sur les g\u00e9osynth\u00e9tiques (13 ICG) m\u00e9rite d&rsquo;\u00eatre soulign\u00e9e ! Partagez les nouvelles de votre pr\u00e9sentation, les d\u00e9tails sur les exposants et les sponsors de votre entreprise, les conf\u00e9renciers que vous attendez avec impatience, et bien plus encore ! <\/b><\/em><\/p>\n<p style=\"text-align: center;\">** CI-DESSOUS : Trouvez des fichiers que vous pouvez utiliser dans les courriels, les m\u00e9dias sociaux et les pr\u00e9sentations PPT **<\/p>\n<hr>\n<h3><span style=\"color: #008000;\">EMAIL<\/span>: Banni\u00e8res pour la signature de votre e-mail<\/h3>\n<ul>\n<li>Discours au 13\u00e8me GIC &#8212; T\u00e9l\u00e9charger (jpg) | VISUALISER EN LIGNE<\/li>\n<li>Exposer \u00e0 13 ICG &#8212; T\u00e9l\u00e9charger (jpg) | VISUALISER EN LIGNE<\/li>\n<li>Meet Me in Montreal &#8212; T\u00e9l\u00e9charger (jpg) | VOIR EN LIGNE<span style=\"font-family: var( --e-global-typography-text-font-family ), Sans-serif; letter-spacing: var(--the7-base-letter-spacing); text-transform: var(--the7-base-text-transform); word-spacing: normal; text-decoration: var(--the7-base-text-decoration);\">&nbsp;<\/span><span style=\"letter-spacing: var(--the7-h3-letter-spacing); text-transform: var(--the7-h3-text-transform); word-spacing: var(--the7-h3-word-spacing); text-decoration: var(--the7-h3-text-decoration);\">&nbsp;<\/span><\/li>\n<\/ul>\n<h3><span style=\"color: #008000;\">EMAIL<\/span><span style=\"letter-spacing: var(--the7-h3-letter-spacing); text-transform: var(--the7-h3-text-transform); word-spacing: var(--the7-h3-word-spacing); text-decoration: var(--the7-h3-text-decoration);\">: POURQUOI PARTICIPER FLYERS<\/span><\/h3>\n<p style=\"padding-left: 40px;\"><em>Voir la page <strong><a href=\"https:\/\/www.13icg-montreal.org\/fr\/bourses-de-voyage\/\">Convaincre votre patron<\/a> <\/strong>pour des documents de soutien sp\u00e9cifiques aux groupes de parties prenantes<\/em><\/p>\n<p style=\"padding-left: 40px;\"><em>&nbsp;<\/em><\/p>\n<h3><span style=\"color: #800080;\">MEDIA SOCIAUX<\/span>: Hashtags les plus courants<\/h3>\n<div>\n<p style=\"padding-left: 40px; margin-bottom: 10px;\">#13icg #geosynthetics #sustainability<\/p>\n<\/div>\n<div>&nbsp;<\/div>\n<h3><span style=\"color: #800080;\">MEDIAS SOCIAUX<\/span>: Promouvoir votre article \/ pr\u00e9sentation<\/h3>\n<ul>\n<li>Je fais une pr\u00e9sentation au 13e GIC \u00e0 Montr\u00e9al<b>(LinkedIn<\/b>) &#8212; T\u00e9l\u00e9charger (jpg) | VISUALISER EN LIGNE<\/li>\n<li>Je fais une pr\u00e9sentation au 13e GIC \u00e0 Montr\u00e9al<b>(Instagram<\/b>) &#8212; T\u00e9l\u00e9charger (jpg) | VISUALISER EN LIGNE<\/li>\n<li>Je fais une pr\u00e9sentation au 13e GIC \u00e0 Montr\u00e9al &#8212; GENERIC. Ajoutez votre titre de pr\u00e9sentation et votre photo &#8212; T\u00e9l\u00e9charger (jpg) | VISUALISER EN LIGNE<\/li>\n<\/ul>\n<p style=\"padding-left: 40px;\">\n<\/p>\t\t\t\t\t\t\t\t<\/div>\n\t\t\t\t<\/div>\n\t\t\t\t\t<\/div>\n\t\t<\/div>\n\t\t\t\t<div class=\"elementor-column elementor-col-33 elementor-top-column elementor-element elementor-element-7ca044d\" data-id=\"7ca044d\" data-element_type=\"column\" data-e-type=\"column\">\n\t\t\t<div class=\"elementor-widget-wrap elementor-element-populated\">\n\t\t\t\t\t\t<div class=\"elementor-element elementor-element-6c76b9a elementor-widget elementor-widget-heading\" data-id=\"6c76b9a\" data-element_type=\"widget\" data-e-type=\"widget\" data-widget_type=\"heading.default\">\n\t\t\t\t<div class=\"elementor-widget-container\">\n\t\t\t\t\t<h2 class=\"elementor-heading-title elementor-size-default\">D\u00e9tails de l'enregistrement \u00e0 partager<\/h2>\t\t\t\t<\/div>\n\t\t\t\t<\/div>\n\t\t\t\t<div class=\"elementor-element elementor-element-99376c2 elementor-align-center elementor-widget elementor-widget-button\" data-id=\"99376c2\" data-element_type=\"widget\" data-e-type=\"widget\" data-widget_type=\"button.default\">\n\t\t\t\t<div class=\"elementor-widget-container\">\n\t\t\t\t\t\t\t\t\t<div class=\"elementor-button-wrapper\">\n\t\t\t\t\t<a class=\"elementor-button elementor-button-link elementor-size-sm\" href=\"https:\/\/www.xcdsystem.com\/icg\">\n\t\t\t\t\t\t<span class=\"elementor-button-content-wrapper\">\n\t\t\t\t\t\t\t\t\t<span class=\"elementor-button-text\">INSCRIVEZ-VOUS MAINTENANT<\/span>\n\t\t\t\t\t<\/span>\n\t\t\t\t\t<\/a>\n\t\t\t\t<\/div>\n\t\t\t\t\t\t\t\t<\/div>\n\t\t\t\t<\/div>\n\t\t\t\t<div class=\"elementor-element elementor-element-2f3f575 elementor-widget elementor-widget-text-editor\" data-id=\"2f3f575\" data-element_type=\"widget\" data-e-type=\"widget\" data-widget_type=\"text-editor.default\">\n\t\t\t\t<div class=\"elementor-widget-container\">\n\t\t\t\t\t\t\t\t\t<h4>CONF\u00c9RENCE COMPL\u00c8TE &#8211; TOUS LES JOURS<\/h4><p><em>Les membres de l&rsquo;IGS \u00e9conomisent 20% sur les inscriptions ! Rejoignez un chapitre pour 2026 et \u00e9conomisez 220 $ sur la conf\u00e9rence. <\/em><\/p><p><strong>Membres de l&rsquo;IGS dans les pays \u00e0 hauts revenus<\/strong>:<br>USD $895.00<\/p><p><strong>Membres de l&rsquo;IGS dans les pays \u00e0 revenus non \u00e9lev\u00e9s*<\/strong>:<br>USD $720.00 &#8212; VOIR FAQS<\/p><p><strong>\u00c9tudiants :<\/strong><br>USD $350.00<\/p><p><strong>Non-membres<\/strong>:<br>USD $1120.00<\/p><h4>COURS DE COURTE DUR\u00c9E (13 SEPT.)<\/h4><p><strong>Tarif d&rsquo;inscription g\u00e9n\u00e9rale<\/strong>:<br>USD $350.00<\/p><p><strong>Tarif jeune membre de l&rsquo;IGS (35 ans et moins)<\/strong>:<br>USD $50.00&#8211;S&rsquo;applique au cours Machine Learning &amp; Artificial Intelligence UNIQUEMENT. Contactez <a href=\"mailto:general@13icg-montreal.org\">general@13icg-montreal.org<\/a> pour obtenir un code d&rsquo;inscription. <\/p><h4>HALL D&rsquo;EXPOSITION UNIQUEMENT<\/h4><p><strong>Tous les jours de salon<\/strong>:<br>USD $350.00<\/p><p><b>Pass d&rsquo;une journ\u00e9e pour le salon professionnel :<\/b><br>USD $90.00<\/p><h4>BILLETS DE GALA &#8211; 16 septembre 2026<\/h4><p><em>Les prix seront annonc\u00e9s lors de la signature du contrat avec le site ext\u00e9rieur.<\/em><\/p><p><em>* Pays \u00e0 revenu non \u00e9lev\u00e9 selon la d\u00e9finition de la Banque mondiale.  <\/em><\/p>\t\t\t\t\t\t\t\t<\/div>\n\t\t\t\t<\/div>\n\t\t\t\t\t<\/div>\n\t\t<\/div>\n\t\t\t\t\t<\/div>\n\t\t<\/section>\n\t\t\t\t<\/div>\n\t\t","protected":false},"excerpt":{"rendered":"<p>Faites savoir que vous serez \u00e0 Montr\u00e9al ! Votre participation \u00e0 la 13e Conf\u00e9rence internationale sur les g\u00e9osynth\u00e9tiques (13 ICG) m\u00e9rite d&rsquo;\u00eatre soulign\u00e9e ! Partagez les nouvelles de votre pr\u00e9sentation, les d\u00e9tails sur les exposants et les sponsors de votre entreprise, les conf\u00e9renciers que vous attendez avec impatience, et bien plus encore ! ** CI-DESSOUS&hellip;<\/p>\n","protected":false},"author":2,"featured_media":0,"parent":0,"menu_order":0,"comment_status":"closed","ping_status":"closed","template":"elementor_header_footer","meta":{"footnotes":""},"class_list":["post-532","page","type-page","status-publish","hentry"],"yoast_head":"<!-- This site is optimized with the Yoast SEO plugin v27.4 - https:\/\/yoast.com\/product\/yoast-seo-wordpress\/ -->\n<title>Promouvoir votre pr\u00e9sence - 13ICG Montreal<\/title>\n<meta name=\"description\" content=\"La 13e Conf\u00e9rence internationale sur les g\u00e9osynth\u00e9tiques (13 ICG) se tiendra du 13 au 17 septembre 2026 \u00e0 Montr\u00e9al. Les inscriptions sont ouvertes \u00e0 partir du 15 octobre.\" \/>\n<meta name=\"robots\" content=\"index, follow, max-snippet:-1, max-image-preview:large, max-video-preview:-1\" \/>\n<link rel=\"canonical\" href=\"https:\/\/www.13icg-montreal.org\/fr\/faq\/\" \/>\n<meta property=\"og:locale\" content=\"fr_FR\" \/>\n<meta property=\"og:type\" content=\"article\" \/>\n<meta property=\"og:title\" content=\"Promouvoir votre pr\u00e9sence - 13ICG Montreal\" \/>\n<meta property=\"og:description\" content=\"La 13e Conf\u00e9rence internationale sur les g\u00e9osynth\u00e9tiques (13 ICG) se tiendra du 13 au 17 septembre 2026 \u00e0 Montr\u00e9al. Les inscriptions sont ouvertes \u00e0 partir du 15 octobre.\" \/>\n<meta property=\"og:url\" content=\"https:\/\/www.13icg-montreal.org\/fr\/faq\/\" \/>\n<meta property=\"og:site_name\" content=\"13ICG Montreal\" \/>\n<meta property=\"article:modified_time\" content=\"2026-04-03T20:17:53+00:00\" \/>\n<meta name=\"twitter:card\" content=\"summary_large_image\" \/>\n<meta name=\"twitter:label1\" content=\"Dur\u00e9e de lecture estim\u00e9e\" \/>\n\t<meta name=\"twitter:data1\" content=\"2 minutes\" \/>\n<script type=\"application\/ld+json\" class=\"yoast-schema-graph\">{\"@context\":\"https:\\\/\\\/schema.org\",\"@graph\":[{\"@type\":\"WebPage\",\"@id\":\"https:\\\/\\\/www.13icg-montreal.org\\\/fr\\\/faq\\\/\",\"url\":\"https:\\\/\\\/www.13icg-montreal.org\\\/fr\\\/faq\\\/\",\"name\":\"Promouvoir votre pr\u00e9sence - 13ICG Montreal\",\"isPartOf\":{\"@id\":\"https:\\\/\\\/www.13icg-montreal.org\\\/fr\\\/#website\"},\"datePublished\":\"2026-04-02T20:40:02+00:00\",\"dateModified\":\"2026-04-03T20:17:53+00:00\",\"description\":\"La 13e Conf\u00e9rence internationale sur les g\u00e9osynth\u00e9tiques (13 ICG) se tiendra du 13 au 17 septembre 2026 \u00e0 Montr\u00e9al. Les inscriptions sont ouvertes \u00e0 partir du 15 octobre.\",\"breadcrumb\":{\"@id\":\"https:\\\/\\\/www.13icg-montreal.org\\\/fr\\\/faq\\\/#breadcrumb\"},\"inLanguage\":\"fr-FR\",\"potentialAction\":[{\"@type\":\"ReadAction\",\"target\":[\"https:\\\/\\\/www.13icg-montreal.org\\\/fr\\\/faq\\\/\"]}]},{\"@type\":\"BreadcrumbList\",\"@id\":\"https:\\\/\\\/www.13icg-montreal.org\\\/fr\\\/faq\\\/#breadcrumb\",\"itemListElement\":[{\"@type\":\"ListItem\",\"position\":1,\"name\":\"Home\",\"item\":\"https:\\\/\\\/www.13icg-montreal.org\\\/fr\\\/?page_id=248\"},{\"@type\":\"ListItem\",\"position\":2,\"name\":\"Promouvoir votre pr\u00e9sence\"}]},{\"@type\":\"WebSite\",\"@id\":\"https:\\\/\\\/www.13icg-montreal.org\\\/fr\\\/#website\",\"url\":\"https:\\\/\\\/www.13icg-montreal.org\\\/fr\\\/\",\"name\":\"13ICG Montreal\",\"description\":\"13th International Conference on Geosynthetics\",\"publisher\":{\"@id\":\"https:\\\/\\\/www.13icg-montreal.org\\\/fr\\\/#organization\"},\"potentialAction\":[{\"@type\":\"SearchAction\",\"target\":{\"@type\":\"EntryPoint\",\"urlTemplate\":\"https:\\\/\\\/www.13icg-montreal.org\\\/fr\\\/?s={search_term_string}\"},\"query-input\":{\"@type\":\"PropertyValueSpecification\",\"valueRequired\":true,\"valueName\":\"search_term_string\"}}],\"inLanguage\":\"fr-FR\"},{\"@type\":\"Organization\",\"@id\":\"https:\\\/\\\/www.13icg-montreal.org\\\/fr\\\/#organization\",\"name\":\"13ICG Montreal\",\"url\":\"https:\\\/\\\/www.13icg-montreal.org\\\/fr\\\/\",\"logo\":{\"@type\":\"ImageObject\",\"inLanguage\":\"fr-FR\",\"@id\":\"https:\\\/\\\/www.13icg-montreal.org\\\/fr\\\/#\\\/schema\\\/logo\\\/image\\\/\",\"url\":\"https:\\\/\\\/www.13icg-montreal.org\\\/wp-content\\\/uploads\\\/2024\\\/06\\\/13IGC-Montreal-Logo2.png\",\"contentUrl\":\"https:\\\/\\\/www.13icg-montreal.org\\\/wp-content\\\/uploads\\\/2024\\\/06\\\/13IGC-Montreal-Logo2.png\",\"width\":735,\"height\":712,\"caption\":\"13ICG Montreal\"},\"image\":{\"@id\":\"https:\\\/\\\/www.13icg-montreal.org\\\/fr\\\/#\\\/schema\\\/logo\\\/image\\\/\"}}]}<\/script>\n<!-- \/ Yoast SEO plugin. -->","yoast_head_json":{"title":"Promouvoir votre pr\u00e9sence - 13ICG Montreal","description":"La 13e Conf\u00e9rence internationale sur les g\u00e9osynth\u00e9tiques (13 ICG) se tiendra du 13 au 17 septembre 2026 \u00e0 Montr\u00e9al. Les inscriptions sont ouvertes \u00e0 partir du 15 octobre.","robots":{"index":"index","follow":"follow","max-snippet":"max-snippet:-1","max-image-preview":"max-image-preview:large","max-video-preview":"max-video-preview:-1"},"canonical":"https:\/\/www.13icg-montreal.org\/fr\/faq\/","og_locale":"fr_FR","og_type":"article","og_title":"Promouvoir votre pr\u00e9sence - 13ICG Montreal","og_description":"La 13e Conf\u00e9rence internationale sur les g\u00e9osynth\u00e9tiques (13 ICG) se tiendra du 13 au 17 septembre 2026 \u00e0 Montr\u00e9al. Les inscriptions sont ouvertes \u00e0 partir du 15 octobre.","og_url":"https:\/\/www.13icg-montreal.org\/fr\/faq\/","og_site_name":"13ICG Montreal","article_modified_time":"2026-04-03T20:17:53+00:00","twitter_card":"summary_large_image","twitter_misc":{"Dur\u00e9e de lecture estim\u00e9e":"2 minutes"},"schema":{"@context":"https:\/\/schema.org","@graph":[{"@type":"WebPage","@id":"https:\/\/www.13icg-montreal.org\/fr\/faq\/","url":"https:\/\/www.13icg-montreal.org\/fr\/faq\/","name":"Promouvoir votre pr\u00e9sence - 13ICG Montreal","isPartOf":{"@id":"https:\/\/www.13icg-montreal.org\/fr\/#website"},"datePublished":"2026-04-02T20:40:02+00:00","dateModified":"2026-04-03T20:17:53+00:00","description":"La 13e Conf\u00e9rence internationale sur les g\u00e9osynth\u00e9tiques (13 ICG) se tiendra du 13 au 17 septembre 2026 \u00e0 Montr\u00e9al. Les inscriptions sont ouvertes \u00e0 partir du 15 octobre.","breadcrumb":{"@id":"https:\/\/www.13icg-montreal.org\/fr\/faq\/#breadcrumb"},"inLanguage":"fr-FR","potentialAction":[{"@type":"ReadAction","target":["https:\/\/www.13icg-montreal.org\/fr\/faq\/"]}]},{"@type":"BreadcrumbList","@id":"https:\/\/www.13icg-montreal.org\/fr\/faq\/#breadcrumb","itemListElement":[{"@type":"ListItem","position":1,"name":"Home","item":"https:\/\/www.13icg-montreal.org\/fr\/?page_id=248"},{"@type":"ListItem","position":2,"name":"Promouvoir votre pr\u00e9sence"}]},{"@type":"WebSite","@id":"https:\/\/www.13icg-montreal.org\/fr\/#website","url":"https:\/\/www.13icg-montreal.org\/fr\/","name":"13ICG Montreal","description":"13th International Conference on Geosynthetics","publisher":{"@id":"https:\/\/www.13icg-montreal.org\/fr\/#organization"},"potentialAction":[{"@type":"SearchAction","target":{"@type":"EntryPoint","urlTemplate":"https:\/\/www.13icg-montreal.org\/fr\/?s={search_term_string}"},"query-input":{"@type":"PropertyValueSpecification","valueRequired":true,"valueName":"search_term_string"}}],"inLanguage":"fr-FR"},{"@type":"Organization","@id":"https:\/\/www.13icg-montreal.org\/fr\/#organization","name":"13ICG Montreal","url":"https:\/\/www.13icg-montreal.org\/fr\/","logo":{"@type":"ImageObject","inLanguage":"fr-FR","@id":"https:\/\/www.13icg-montreal.org\/fr\/#\/schema\/logo\/image\/","url":"https:\/\/www.13icg-montreal.org\/wp-content\/uploads\/2024\/06\/13IGC-Montreal-Logo2.png","contentUrl":"https:\/\/www.13icg-montreal.org\/wp-content\/uploads\/2024\/06\/13IGC-Montreal-Logo2.png","width":735,"height":712,"caption":"13ICG Montreal"},"image":{"@id":"https:\/\/www.13icg-montreal.org\/fr\/#\/schema\/logo\/image\/"}}]}},"featured_image_src":null,"featured_image_src_square":null,"_links":{"self":[{"href":"https:\/\/www.13icg-montreal.org\/fr\/wp-json\/wp\/v2\/pages\/532","targetHints":{"allow":["GET"]}}],"collection":[{"href":"https:\/\/www.13icg-montreal.org\/fr\/wp-json\/wp\/v2\/pages"}],"about":[{"href":"https:\/\/www.13icg-montreal.org\/fr\/wp-json\/wp\/v2\/types\/page"}],"author":[{"embeddable":true,"href":"https:\/\/www.13icg-montreal.org\/fr\/wp-json\/wp\/v2\/users\/2"}],"replies":[{"embeddable":true,"href":"https:\/\/www.13icg-montreal.org\/fr\/wp-json\/wp\/v2\/comments?post=532"}],"version-history":[{"count":0,"href":"https:\/\/www.13icg-montreal.org\/fr\/wp-json\/wp\/v2\/pages\/532\/revisions"}],"wp:attachment":[{"href":"https:\/\/www.13icg-montreal.org\/fr\/wp-json\/wp\/v2\/media?parent=532"}],"curies":[{"name":"wp","href":"https:\/\/api.w.org\/{rel}","templated":true}]}}